{"id":1089,"date":"2016-09-27T16:20:51","date_gmt":"2016-09-27T16:20:51","guid":{"rendered":"http:\/\/themedemo.me\/infinity\/?page_id=991"},"modified":"2020-04-30T07:28:27","modified_gmt":"2020-04-30T07:28:27","slug":"educion-video","status":"publish","type":"page","link":"https:\/\/museodelaprecariedad.cjex.org\/index.php\/coleccion\/educion-video\/","title":{"rendered":"Edici\u00f3n de video"},"content":{"rendered":"\r\n<figure class=\"wp-block-image size-large\"><img loading=\"lazy\" decoding=\"async\" width=\"1024\" height=\"1021\" class=\"wp-image-1132\" src=\"https:\/\/museodelaprecariedad.cjex.org\/wp-content\/uploads\/2020\/04\/EDICION-VIDEO-1024x1021.png\" alt=\"\" srcset=\"https:\/\/museodelaprecariedad.cjex.org\/wp-content\/uploads\/2020\/04\/EDICION-VIDEO-1024x1021.png 1024w, https:\/\/museodelaprecariedad.cjex.org\/wp-content\/uploads\/2020\/04\/EDICION-VIDEO-300x300.png 300w, https:\/\/museodelaprecariedad.cjex.org\/wp-content\/uploads\/2020\/04\/EDICION-VIDEO-150x150.png 150w, https:\/\/museodelaprecariedad.cjex.org\/wp-content\/uploads\/2020\/04\/EDICION-VIDEO-768x766.png 768w, https:\/\/museodelaprecariedad.cjex.org\/wp-content\/uploads\/2020\/04\/EDICION-VIDEO-75x75.png 75w, https:\/\/museodelaprecariedad.cjex.org\/wp-content\/uploads\/2020\/04\/EDICION-VIDEO.png 1113w\" sizes=\"auto, (max-width: 1024px) 100vw, 1024px\" \/><\/figure>\r\n\r\n<p>Autor: E.I.F.<br \/>Edad: 27 a\u00f1os.<br \/>SECTOR: Comunicaci\u00f3n.<\/p>\r\n<p>Hola, soy E.I.F. joven de 27 a\u00f1os natural de C\u00e1ceres y actualmente busc\u00e1ndome la vida como otros tantos en la capital de Espa\u00f1a, Madrid. <br \/>Yo trabajaba como editor de videos con un contrato indefinido, pero al estallar la crisis del coronavirus he perdido mi empleo. <br \/>Yo he podido teletrabajar todos estos d\u00edas, incluso con un volumen de trabajo parecido al que ten\u00eda, pero a la tercera semana, el lunes me comunicaron que no trabajaba ni un d\u00eda m\u00e1s.<\/p>\r\n<p>Cuando fui a informarme al sindicato me dijeron que al estar dentro del per\u00edodo de prueba estaba permitido el despido, aunque mi contrato fuera indefinido. <br \/>Llevo dos a\u00f1os en Madrid y el primer empleo digno que he conseguido no lo he podido mantener debido a esta crisis, ahora mismo no puedo buscar trabajo y tengo que seguir pagando el elevado alquiler.<\/p>\r\n<p>A todo esto se suma el estar encerrado en casa d\u00e1ndole vueltas y con sensaci\u00f3n de culpabilidad, replante\u00e1ndome absolutamente todo. <br \/>En fin, imagino que ser\u00e9 otra persona joven precaria m\u00e1s. Escribir esto me reconforta de alguna manera y espero que leyendo otros testimonios tambi\u00e9n. Un saludo para todas las personas que al leer esto se sientan identificadas.<\/p>","protected":false},"excerpt":{"rendered":"<p>Autor: E.I.F.Edad: 27 a\u00f1os.SECTOR: Comunicaci\u00f3n. Hola, soy E.I.F. joven de 27 a\u00f1os natural de C\u00e1ceres y actualmente busc\u00e1ndome la vida como otros tantos en la capital de Espa\u00f1a, Madrid. Yo trabajaba como editor de videos con un contrato indefinido, pero al estallar la crisis del coronavirus he perdido mi empleo. Yo he podido teletrabajar todos [&hellip;]<\/p>\n","protected":false},"author":1,"featured_media":1132,"parent":533,"menu_order":3,"comment_status":"closed","ping_status":"closed","template":"","meta":{"_genesis_hide_title":false,"_genesis_hide_breadcrumbs":false,"_genesis_hide_singular_image":false,"_genesis_hide_footer_widgets":false,"_genesis_custom_body_class":"","_genesis_custom_post_class":"","_genesis_layout":"full-width-content","footnotes":""},"class_list":{"0":"post-1089","1":"page","2":"type-page","3":"status-publish","4":"has-post-thumbnail","6":"entry"},"_links":{"self":[{"href":"https:\/\/museodelaprecariedad.cjex.org\/index.php\/wp-json\/wp\/v2\/pages\/1089","targetHints":{"allow":["GET"]}}],"collection":[{"href":"https:\/\/museodelaprecariedad.cjex.org\/index.php\/wp-json\/wp\/v2\/pages"}],"about":[{"href":"https:\/\/museodelaprecariedad.cjex.org\/index.php\/wp-json\/wp\/v2\/types\/page"}],"author":[{"embeddable":true,"href":"https:\/\/museodelaprecariedad.cjex.org\/index.php\/wp-json\/wp\/v2\/users\/1"}],"replies":[{"embeddable":true,"href":"https:\/\/museodelaprecariedad.cjex.org\/index.php\/wp-json\/wp\/v2\/comments?post=1089"}],"version-history":[{"count":4,"href":"https:\/\/museodelaprecariedad.cjex.org\/index.php\/wp-json\/wp\/v2\/pages\/1089\/revisions"}],"predecessor-version":[{"id":1233,"href":"https:\/\/museodelaprecariedad.cjex.org\/index.php\/wp-json\/wp\/v2\/pages\/1089\/revisions\/1233"}],"up":[{"embeddable":true,"href":"https:\/\/museodelaprecariedad.cjex.org\/index.php\/wp-json\/wp\/v2\/pages\/533"}],"wp:featuredmedia":[{"embeddable":true,"href":"https:\/\/museodelaprecariedad.cjex.org\/index.php\/wp-json\/wp\/v2\/media\/1132"}],"wp:attachment":[{"href":"https:\/\/museodelaprecariedad.cjex.org\/index.php\/wp-json\/wp\/v2\/media?parent=1089"}],"curies":[{"name":"wp","href":"https:\/\/api.w.org\/{rel}","templated":true}]}}